{"id":494037,"date":"2026-01-20T17:54:40","date_gmt":"2026-01-20T16:54:40","guid":{"rendered":"https:\/\/www.parispackagingweek.com\/?post_type=guest&#038;p=494037"},"modified":"2026-02-02T10:02:41","modified_gmt":"2026-02-02T09:02:41","slug":"mickael-clutier","status":"publish","type":"guest","link":"https:\/\/www.parispackagingweek.com\/fr\/speaker\/mickael-clutier\/","title":{"rendered":"Mickael Clutier"},"content":{"rendered":"\n<p>Avant d\u2019accompagner les industriels dans leur transformation digitale, Micka\u00ebl Clutier a d\u2019abord v\u00e9cu leurs d\u00e9fis de l\u2019int\u00e9rieur.&nbsp;<\/p>\n\n\n\n<p>Fort d\u2019une exp\u00e9rience au sein de diff\u00e9rents groupes tels&nbsp;que&nbsp;Procter &amp; Gamble ou Carrefour, il a \u00e9t\u00e9 confront\u00e9 aux r\u00e9alit\u00e9s op\u00e9rationnelles de la conception, de l\u2019industrialisation et de la mise sur le march\u00e9 des produits et des emballages.<\/p>\n\n\n\n<p>Aujourd\u2019hui Directeur des Ventes chez Dassault Syst\u00e8mes, il met cette exp\u00e9rience terrain au service des acteurs des biens de grande consommation. Il les accompagne dans l\u2019adoption des plateformes num\u00e9riques, de la simulation et des jumeaux virtuels pour acc\u00e9l\u00e9rer l\u2019innovation packaging tout en r\u00e9pondant aux enjeux cl\u00e9s de durabilit\u00e9 et de performance industrielle.<\/p>\n\n\n\n<p>\u00c0 la Paris Packaging Week, Micka\u00ebl proposera une intervention \u00e0 la crois\u00e9e du retour d\u2019exp\u00e9rience industriel et de la vision technologique, destin\u00e9e aux innovateurs, cr\u00e9ateurs et industriels qui souhaitent repenser leurs m\u00e9thodes et cr\u00e9er un avantage comp\u00e9titif durable.<br><\/p>\n\n\n\n<p>L\u2019innovation packaging ne se contente plus de r\u00e9volutionner le design : elle commence dans le virtuel. D\u00e9couvrez comment les univers num\u00e9riques transforment l\u2019emballage, de la premi\u00e8re id\u00e9e jusqu\u2019\u00e0 la production durable<\/p>\n\n\n\n<p><\/p>\n","protected":false},"excerpt":{"rendered":"<p>Avant d\u2019accompagner les industriels dans leur transformation digitale, Micka\u00ebl Clutier a d\u2019abord v\u00e9cu leurs d\u00e9fis de l\u2019int\u00e9rieur.&nbsp; Fort d\u2019une exp\u00e9rience au sein de diff\u00e9rents groupes tels&nbsp;que&nbsp;Procter &amp; Gamble ou Carrefour, il a \u00e9t\u00e9 confront\u00e9 aux r\u00e9alit\u00e9s op\u00e9rationnelles de la conception, de l\u2019industrialisation et de la mise sur le march\u00e9 des produits et des emballages. Aujourd\u2019hui [&hellip;]<\/p>\n","protected":false},"featured_media":494039,"template":"","meta":{"_seopress_robots_primary_cat":"","_seopress_titles_title":"Mickael Clutier","_seopress_titles_desc":"With a background in major groups such as Procter & Gamble and Carrefour, he worked at the operational level, facing the concrete realities of product and packaging design, industrialization, and go-to-market processes. Now Sales Director at Dassault Syst\u00e8mes, he leverages this hands-on experience to support consumer goods companies in adopting digital platforms, simulation technologies, and virtual twins. His focus is on accelerating packaging innovation while addressing critical sustainability and industrial performance challenges. At Paris Packaging Week, Micka\u00ebl will deliver a talk that blends real-world industrial experience with a forward-looking technological vision, aimed at innovators, designers, and manufacturers seeking to rethink their methods and build a sustainable competitive advantage.","_seopress_robots_index":"","_company_name":"Dassault Syst\u00e8mes","_job_title":"Directeur des ventes","_visit_me":"","_email":"","_linkedin":"","_twitter":"","_facebook":"","_instagram":"","_youtube":"","_imdb":"","footnotes":""},"edition":[1084],"guest_type":[1081],"work":[],"class_list":["post-494037","guest","type-guest","status-publish","has-post-thumbnail","hentry","edition-paris-packaging-week-2026","guest_type-discovery-zone-stage-2026"],"_cover_image":null,"_links":{"self":[{"href":"https:\/\/www.parispackagingweek.com\/fr\/wp-json\/wp\/v2\/guest\/494037","targetHints":{"allow":["GET"]}}],"collection":[{"href":"https:\/\/www.parispackagingweek.com\/fr\/wp-json\/wp\/v2\/guest"}],"about":[{"href":"https:\/\/www.parispackagingweek.com\/fr\/wp-json\/wp\/v2\/types\/guest"}],"version-history":[{"count":3,"href":"https:\/\/www.parispackagingweek.com\/fr\/wp-json\/wp\/v2\/guest\/494037\/revisions"}],"predecessor-version":[{"id":494977,"href":"https:\/\/www.parispackagingweek.com\/fr\/wp-json\/wp\/v2\/guest\/494037\/revisions\/494977"}],"wp:featuredmedia":[{"embeddable":true,"href":"https:\/\/www.parispackagingweek.com\/fr\/wp-json\/wp\/v2\/media\/494039"}],"wp:attachment":[{"href":"https:\/\/www.parispackagingweek.com\/fr\/wp-json\/wp\/v2\/media?parent=494037"}],"wp:term":[{"taxonomy":"edition","embeddable":true,"href":"https:\/\/www.parispackagingweek.com\/fr\/wp-json\/wp\/v2\/edition?post=494037"},{"taxonomy":"guest_type","embeddable":true,"href":"https:\/\/www.parispackagingweek.com\/fr\/wp-json\/wp\/v2\/guest_type?post=494037"},{"taxonomy":"work","embeddable":true,"href":"https:\/\/www.parispackagingweek.com\/fr\/wp-json\/wp\/v2\/work?post=494037"}],"curies":[{"name":"wp","href":"https:\/\/api.w.org\/{rel}","templated":true}]}}