{"id":494074,"date":"2026-01-20T18:31:07","date_gmt":"2026-01-20T17:31:07","guid":{"rendered":"https:\/\/www.parispackagingweek.com\/speaker\/marie-laure-susset\/"},"modified":"2026-01-20T18:31:07","modified_gmt":"2026-01-20T17:31:07","slug":"marie-laure-susset","status":"publish","type":"guest","link":"https:\/\/www.parispackagingweek.com\/fr\/speaker\/marie-laure-susset\/","title":{"rendered":"Marie-Laure Susset"},"content":{"rendered":"\n<p>Marie-Laure est une dirigeante marketing exp\u00e9riment\u00e9e, avec un parcours marqu\u00e9 par le d\u00e9veloppement de marques internationales chez Procter &amp; Gamble et O-I Glass. Elle apporte une vision strat\u00e9gique fine des comportements consommateurs et des opportunit\u00e9s de march\u00e9, en combinant rigueur scientifique et storytelling cr\u00e9atif.<br\/>Son travail vise \u00e0 cr\u00e9er des connexions \u00e9motionnellement fortes et porteuses de sens, capables de g\u00e9n\u00e9rer engagement, fid\u00e9lit\u00e9 et impact mesurable \u00e0 l\u2019\u00e9chelle internationale.<\/p>\n\n<p><\/p>\n","protected":false},"excerpt":{"rendered":"<p>Marie-Laure est une dirigeante marketing exp\u00e9riment\u00e9e, avec un parcours marqu\u00e9 par le d\u00e9veloppement de marques internationales chez Procter &amp; Gamble et O-I Glass. Elle apporte une vision strat\u00e9gique fine des comportements consommateurs et des opportunit\u00e9s de march\u00e9, en combinant rigueur scientifique et storytelling cr\u00e9atif.Son travail vise \u00e0 cr\u00e9er des connexions \u00e9motionnellement fortes et porteuses de [&hellip;]<\/p>\n","protected":false},"featured_media":494073,"template":"","meta":{"_seopress_robots_primary_cat":"","_seopress_titles_title":"Marie-Laure Susset","_seopress_titles_desc":"Marie-Laure est une dirigeante marketing exp\u00e9riment\u00e9e, avec un parcours marqu\u00e9 par le d\u00e9veloppement de marques internationales chez Procter & Gamble et O-I Glass. Elle apporte une vision strat\u00e9gique fine des comportements consommateurs et des opportunit\u00e9s de march\u00e9, en combinant rigueur scientifique et storytelling cr\u00e9atif.\r\nSon travail vise \u00e0 cr\u00e9er des connexions \u00e9motionnellement fortes et porteuses de sens, capables de g\u00e9n\u00e9rer engagement, fid\u00e9lit\u00e9 et impact mesurable \u00e0 l\u2019\u00e9chelle internationale.","_seopress_robots_index":"","_company_name":"O-I Glass","_job_title":"Marketing Director","_visit_me":"","_email":"","_linkedin":"","_twitter":"","_facebook":"","_instagram":"","_youtube":"","_imdb":"","footnotes":""},"edition":[1084],"guest_type":[1081],"work":[],"class_list":["post-494074","guest","type-guest","status-publish","has-post-thumbnail","hentry","edition-paris-packaging-week-2026","guest_type-discovery-zone-stage-2026"],"_cover_image":null,"_links":{"self":[{"href":"https:\/\/www.parispackagingweek.com\/fr\/wp-json\/wp\/v2\/guest\/494074","targetHints":{"allow":["GET"]}}],"collection":[{"href":"https:\/\/www.parispackagingweek.com\/fr\/wp-json\/wp\/v2\/guest"}],"about":[{"href":"https:\/\/www.parispackagingweek.com\/fr\/wp-json\/wp\/v2\/types\/guest"}],"version-history":[{"count":1,"href":"https:\/\/www.parispackagingweek.com\/fr\/wp-json\/wp\/v2\/guest\/494074\/revisions"}],"predecessor-version":[{"id":494075,"href":"https:\/\/www.parispackagingweek.com\/fr\/wp-json\/wp\/v2\/guest\/494074\/revisions\/494075"}],"wp:featuredmedia":[{"embeddable":true,"href":"https:\/\/www.parispackagingweek.com\/fr\/wp-json\/wp\/v2\/media\/494073"}],"wp:attachment":[{"href":"https:\/\/www.parispackagingweek.com\/fr\/wp-json\/wp\/v2\/media?parent=494074"}],"wp:term":[{"taxonomy":"edition","embeddable":true,"href":"https:\/\/www.parispackagingweek.com\/fr\/wp-json\/wp\/v2\/edition?post=494074"},{"taxonomy":"guest_type","embeddable":true,"href":"https:\/\/www.parispackagingweek.com\/fr\/wp-json\/wp\/v2\/guest_type?post=494074"},{"taxonomy":"work","embeddable":true,"href":"https:\/\/www.parispackagingweek.com\/fr\/wp-json\/wp\/v2\/work?post=494074"}],"curies":[{"name":"wp","href":"https:\/\/api.w.org\/{rel}","templated":true}]}}