{"id":494745,"date":"2026-01-28T15:26:32","date_gmt":"2026-01-28T14:26:32","guid":{"rendered":"https:\/\/www.parispackagingweek.com\/?post_type=guest&#038;p=494745"},"modified":"2026-01-28T15:26:33","modified_gmt":"2026-01-28T14:26:33","slug":"siddharth-bagri","status":"publish","type":"guest","link":"https:\/\/www.parispackagingweek.com\/fr\/speaker\/siddharth-bagri\/","title":{"rendered":"Siddharth Bagri"},"content":{"rendered":"\n<p>Siddharth Bagri est directeur g\u00e9n\u00e9ral de PackIntelX, un cabinet de conseil et une plateforme digitale d\u00e9di\u00e9s \u00e0 la conformit\u00e9 r\u00e9glementaire et \u00e0 la gestion des donn\u00e9es packaging. Fort d\u2019une expertise en recyclage des plastiques, en conformit\u00e9 des emballages et en responsabilit\u00e9 \u00e9largie du producteur (REP) sur les march\u00e9s internationaux, Siddharth accompagne les marques mondiales dans leur pr\u00e9paration au r\u00e8glement europ\u00e9en sur les emballages et les d\u00e9chets d\u2019emballages (PPWR) \u2014 de la recyclabilit\u00e9 et de la r\u00e9duction des emballages jusqu\u2019\u00e0 la documentation technique et les d\u00e9clarations de conformit\u00e9 europ\u00e9ennes.<\/p>\n","protected":false},"excerpt":{"rendered":"<p>Siddharth Bagri est directeur g\u00e9n\u00e9ral de PackIntelX, un cabinet de conseil et une plateforme digitale d\u00e9di\u00e9s \u00e0 la conformit\u00e9 r\u00e9glementaire et \u00e0 la gestion des donn\u00e9es packaging. Fort d\u2019une expertise en recyclage des plastiques, en conformit\u00e9 des emballages et en responsabilit\u00e9 \u00e9largie du producteur (REP) sur les march\u00e9s internationaux, Siddharth accompagne les marques mondiales dans [&hellip;]<\/p>\n","protected":false},"featured_media":494748,"template":"","meta":{"_seopress_robots_primary_cat":"","_seopress_titles_title":"Siddharth Bagri | Paris Packaging Week 2026","_seopress_titles_desc":"Siddharth Bagri est directeur g\u00e9n\u00e9ral de PackIntelX, un cabinet de conseil et une plateforme digitale d\u00e9di\u00e9s \u00e0 la conformit\u00e9 r\u00e9glementaire et \u00e0 la gestion des donn\u00e9es packaging. Fort d\u2019une expertise en recyclage des plastiques, en conformit\u00e9 des emballages et en responsabilit\u00e9 \u00e9largie du producteur (REP) sur les march\u00e9s internationaux, Siddharth accompagne les marques mondiales dans leur pr\u00e9paration au r\u00e8glement europ\u00e9en sur les emballages et les d\u00e9chets d\u2019emballages (PPWR) \u2014 de la recyclabilit\u00e9 et de la r\u00e9duction des emballages jusqu\u2019\u00e0 la documentation technique et les d\u00e9clarations de conformit\u00e9 europ\u00e9ennes.","_seopress_robots_index":"","_company_name":"PackIntelX","_job_title":"Managing Director","_visit_me":"","_email":"","_linkedin":"","_twitter":"","_facebook":"","_instagram":"","_youtube":"","_imdb":"","footnotes":""},"edition":[1084],"guest_type":[1080],"work":[],"class_list":["post-494745","guest","type-guest","status-publish","has-post-thumbnail","hentry","edition-paris-packaging-week-2026","guest_type-global-aerosol-dispensing-forum-2026"],"_cover_image":null,"_links":{"self":[{"href":"https:\/\/www.parispackagingweek.com\/fr\/wp-json\/wp\/v2\/guest\/494745","targetHints":{"allow":["GET"]}}],"collection":[{"href":"https:\/\/www.parispackagingweek.com\/fr\/wp-json\/wp\/v2\/guest"}],"about":[{"href":"https:\/\/www.parispackagingweek.com\/fr\/wp-json\/wp\/v2\/types\/guest"}],"version-history":[{"count":1,"href":"https:\/\/www.parispackagingweek.com\/fr\/wp-json\/wp\/v2\/guest\/494745\/revisions"}],"predecessor-version":[{"id":494750,"href":"https:\/\/www.parispackagingweek.com\/fr\/wp-json\/wp\/v2\/guest\/494745\/revisions\/494750"}],"wp:featuredmedia":[{"embeddable":true,"href":"https:\/\/www.parispackagingweek.com\/fr\/wp-json\/wp\/v2\/media\/494748"}],"wp:attachment":[{"href":"https:\/\/www.parispackagingweek.com\/fr\/wp-json\/wp\/v2\/media?parent=494745"}],"wp:term":[{"taxonomy":"edition","embeddable":true,"href":"https:\/\/www.parispackagingweek.com\/fr\/wp-json\/wp\/v2\/edition?post=494745"},{"taxonomy":"guest_type","embeddable":true,"href":"https:\/\/www.parispackagingweek.com\/fr\/wp-json\/wp\/v2\/guest_type?post=494745"},{"taxonomy":"work","embeddable":true,"href":"https:\/\/www.parispackagingweek.com\/fr\/wp-json\/wp\/v2\/work?post=494745"}],"curies":[{"name":"wp","href":"https:\/\/api.w.org\/{rel}","templated":true}]}}