{"id":494826,"date":"2026-01-29T16:30:19","date_gmt":"2026-01-29T15:30:19","guid":{"rendered":"https:\/\/www.parispackagingweek.com\/speaker\/fredric-petit-2\/"},"modified":"2026-01-29T16:30:19","modified_gmt":"2026-01-29T15:30:19","slug":"fredric-petit-2","status":"publish","type":"guest","link":"https:\/\/www.parispackagingweek.com\/fr\/speaker\/fredric-petit-2\/","title":{"rendered":"Fredric Petit"},"content":{"rendered":"\n<p><p data-start=\"82\" data-end=\"427\">Fort de plus de 20 ans d\u2019exp\u00e9rience au sein du groupe DSM, o\u00f9 il a \u00e9volu\u00e9 dans les secteurs des plastiques, des interm\u00e9diaires fibres et de la chimie fine, Fredric a occup\u00e9 des fonctions internationales en business, innovation, durabilit\u00e9 et communication. Il est aujourd\u2019hui Partner et co-responsable du Sustainable Packaging Innovation Fund.<\/p><br\/><p data-start=\"434\" data-end=\"727\">Apr\u00e8s sa carri\u00e8re chez DSM, Fredric s\u2019est tourn\u00e9 vers l\u2019\u00e9cosyst\u00e8me start-up et a pilot\u00e9 l\u2019innovation \u00e0 cette \u00e9chelle en tant que CEO de Vibers, une entreprise sp\u00e9cialis\u00e9e dans la production de papier, carton, biopolym\u00e8res et mat\u00e9riaux d\u2019emballage \u00e0 partir de fibres naturelles de miscanthus.<\/p><br\/><p data-start=\"734\" data-end=\"1267\">En compl\u00e9ment de son solide parcours en entreprise et en start-up, Fredric apporte \u00e0 l\u2019\u00e9quipe une expertise pointue des mat\u00e9riaux, un r\u00e9seau international \u00e9tendu ainsi que de fortes comp\u00e9tences en jugement strat\u00e9gique et en coaching. Il est executive coach affili\u00e9 \u00e0 l\u2019IMD Business School, consultant, expert et mentor, et a \u00e9t\u00e9 distingu\u00e9 par le UN Global Compact (Pays-Bas) en tant que finaliste du prix SDG Pioneer en 2020. De 2011 \u00e0 2016, il a \u00e9galement pr\u00e9sid\u00e9 le groupe de travail europ\u00e9en CEN TC411 sur les produits biosourc\u00e9s.<\/p><\/p>\n\n<p><\/p>\n\n<p><\/p>\n","protected":false},"excerpt":{"rendered":"<p>Fort de plus de 20 ans d\u2019exp\u00e9rience au sein du groupe DSM, o\u00f9 il a \u00e9volu\u00e9 dans les secteurs des plastiques, des interm\u00e9diaires fibres et de la chimie fine, Fredric a occup\u00e9 des fonctions internationales en business, innovation, durabilit\u00e9 et communication. Il est aujourd\u2019hui Partner et co-responsable du Sustainable Packaging Innovation Fund. Apr\u00e8s sa carri\u00e8re [&hellip;]<\/p>\n","protected":false},"featured_media":494824,"template":"","meta":{"_seopress_robots_primary_cat":"","_seopress_titles_title":"Fredric Petit","_seopress_titles_desc":"","_seopress_robots_index":"","_company_name":"Emerald","_job_title":"Partner, Co-Head of Materials & Packaging","_visit_me":"","_email":"","_linkedin":"","_twitter":"","_facebook":"","_instagram":"","_youtube":"","_imdb":"","footnotes":""},"edition":[1084],"guest_type":[1081],"work":[],"class_list":["post-494826","guest","type-guest","status-publish","has-post-thumbnail","hentry","edition-paris-packaging-week-2026","guest_type-discovery-zone-stage-2026"],"_cover_image":null,"_links":{"self":[{"href":"https:\/\/www.parispackagingweek.com\/fr\/wp-json\/wp\/v2\/guest\/494826","targetHints":{"allow":["GET"]}}],"collection":[{"href":"https:\/\/www.parispackagingweek.com\/fr\/wp-json\/wp\/v2\/guest"}],"about":[{"href":"https:\/\/www.parispackagingweek.com\/fr\/wp-json\/wp\/v2\/types\/guest"}],"version-history":[{"count":1,"href":"https:\/\/www.parispackagingweek.com\/fr\/wp-json\/wp\/v2\/guest\/494826\/revisions"}],"predecessor-version":[{"id":494827,"href":"https:\/\/www.parispackagingweek.com\/fr\/wp-json\/wp\/v2\/guest\/494826\/revisions\/494827"}],"wp:featuredmedia":[{"embeddable":true,"href":"https:\/\/www.parispackagingweek.com\/fr\/wp-json\/wp\/v2\/media\/494824"}],"wp:attachment":[{"href":"https:\/\/www.parispackagingweek.com\/fr\/wp-json\/wp\/v2\/media?parent=494826"}],"wp:term":[{"taxonomy":"edition","embeddable":true,"href":"https:\/\/www.parispackagingweek.com\/fr\/wp-json\/wp\/v2\/edition?post=494826"},{"taxonomy":"guest_type","embeddable":true,"href":"https:\/\/www.parispackagingweek.com\/fr\/wp-json\/wp\/v2\/guest_type?post=494826"},{"taxonomy":"work","embeddable":true,"href":"https:\/\/www.parispackagingweek.com\/fr\/wp-json\/wp\/v2\/work?post=494826"}],"curies":[{"name":"wp","href":"https:\/\/api.w.org\/{rel}","templated":true}]}}