{"id":494838,"date":"2026-01-29T16:52:48","date_gmt":"2026-01-29T15:52:48","guid":{"rendered":"https:\/\/www.parispackagingweek.com\/speaker\/kheyane-pierron-2\/"},"modified":"2026-01-29T16:52:49","modified_gmt":"2026-01-29T15:52:49","slug":"kheyane-pierron-2","status":"publish","type":"guest","link":"https:\/\/www.parispackagingweek.com\/fr\/speaker\/kheyane-pierron-2\/","title":{"rendered":"Kh\u00e9yane PIERRON\u00a0\u00a0"},"content":{"rendered":"\n<p>Kh\u00e9yane Pierron, Business Developer chez PIGM\u2019Azur, est titulaire d\u2019un Master of Science en cr\u00e9ation et d\u00e9veloppement de produits cosm\u00e9tiques. Elle dispose d\u2019une solide exp\u00e9rience acquise au sein de PIGM\u2019Azur, avec deux ann\u00e9es en recherche et d\u00e9veloppement, suivies d\u2019une ann\u00e9e en tant que Business Developer.<br\/>Son expertise en formulation lui permet d\u2019apporter un support technique dans l\u2019utilisation des pigments naturels de PIGM\u2019Azur, afin de d\u00e9velopper des solutions durables et innovantes pour l\u2019industrie des mat\u00e9riaux.<\/p>\n","protected":false},"excerpt":{"rendered":"<p>Kh\u00e9yane Pierron, Business Developer chez PIGM\u2019Azur, est titulaire d\u2019un Master of Science en cr\u00e9ation et d\u00e9veloppement de produits cosm\u00e9tiques. Elle dispose d\u2019une solide exp\u00e9rience acquise au sein de PIGM\u2019Azur, avec deux ann\u00e9es en recherche et d\u00e9veloppement, suivies d\u2019une ann\u00e9e en tant que Business Developer.Son expertise en formulation lui permet d\u2019apporter un support technique dans l\u2019utilisation [&hellip;]<\/p>\n","protected":false},"featured_media":494836,"template":"","meta":{"_seopress_robots_primary_cat":"","_seopress_titles_title":"","_seopress_titles_desc":"","_seopress_robots_index":"","_company_name":"PIGM\u2019Azur","_job_title":"Business Developer","_visit_me":"","_email":"","_linkedin":"","_twitter":"","_facebook":"","_instagram":"","_youtube":"","_imdb":"","footnotes":""},"edition":[1084],"guest_type":[1081],"work":[],"class_list":["post-494838","guest","type-guest","status-publish","has-post-thumbnail","hentry","edition-paris-packaging-week-2026","guest_type-discovery-zone-stage-2026"],"_cover_image":null,"_links":{"self":[{"href":"https:\/\/www.parispackagingweek.com\/fr\/wp-json\/wp\/v2\/guest\/494838","targetHints":{"allow":["GET"]}}],"collection":[{"href":"https:\/\/www.parispackagingweek.com\/fr\/wp-json\/wp\/v2\/guest"}],"about":[{"href":"https:\/\/www.parispackagingweek.com\/fr\/wp-json\/wp\/v2\/types\/guest"}],"version-history":[{"count":1,"href":"https:\/\/www.parispackagingweek.com\/fr\/wp-json\/wp\/v2\/guest\/494838\/revisions"}],"predecessor-version":[{"id":494839,"href":"https:\/\/www.parispackagingweek.com\/fr\/wp-json\/wp\/v2\/guest\/494838\/revisions\/494839"}],"wp:featuredmedia":[{"embeddable":true,"href":"https:\/\/www.parispackagingweek.com\/fr\/wp-json\/wp\/v2\/media\/494836"}],"wp:attachment":[{"href":"https:\/\/www.parispackagingweek.com\/fr\/wp-json\/wp\/v2\/media?parent=494838"}],"wp:term":[{"taxonomy":"edition","embeddable":true,"href":"https:\/\/www.parispackagingweek.com\/fr\/wp-json\/wp\/v2\/edition?post=494838"},{"taxonomy":"guest_type","embeddable":true,"href":"https:\/\/www.parispackagingweek.com\/fr\/wp-json\/wp\/v2\/guest_type?post=494838"},{"taxonomy":"work","embeddable":true,"href":"https:\/\/www.parispackagingweek.com\/fr\/wp-json\/wp\/v2\/work?post=494838"}],"curies":[{"name":"wp","href":"https:\/\/api.w.org\/{rel}","templated":true}]}}