{"id":68561,"date":"2022-04-20T14:47:46","date_gmt":"2022-04-20T12:47:46","guid":{"rendered":"https:\/\/www.parispackagingweek.com\/?post_type=guest&#038;p=68561"},"modified":"2026-01-13T14:20:21","modified_gmt":"2026-01-13T13:20:21","slug":"annie-begnaud","status":"publish","type":"guest","link":"https:\/\/www.parispackagingweek.com\/fr\/speaker\/annie-begnaud\/","title":{"rendered":"Annie Begnaud\/ ab agency"},"content":{"rendered":"<p><strong>Founder \u2013 Business Development &amp; Innovation Partner<\/strong><strong><br \/>\nAB AGENCY<\/strong><\/p>\n<p>J\u2019interviens aux c\u00f4t\u00e9s des dirigeants lorsqu\u2019ils doivent <strong>faire \u00e9voluer la valeur de leur offre<\/strong> et <strong>acc\u00e9l\u00e9rer leur d\u00e9veloppement<\/strong>, dans un march\u00e9 de plus en plus complexe et s\u00e9lectif.<\/p>\n<p><strong>Le packaging, la technologie et la supply chain sont des leviers business \u00e0 part enti\u00e8re.<\/strong><br \/>\nMon r\u00f4le est d\u2019en extraire la valeur, en alignant <strong>strat\u00e9gie, proposition de valeur et dynamique commerciale<\/strong>, et en activant les <strong>partenariats pertinents<\/strong>.<\/p>\n<p>J\u2019aide les industriels et partenaires de la supply chain \u00e0 <strong>accro\u00eetre la pertinence de leur offre aupr\u00e8s des marques<\/strong> et \u00e0 <strong>transformer leurs innovations en business durable<\/strong>, gr\u00e2ce \u00e0 une lecture fine du march\u00e9 et des mises en relation utiles.<\/p>\n","protected":false},"excerpt":{"rendered":"<p>Founder \u2013 Business Development &amp; Innovation Partner AB AGENCY J\u2019interviens aux c\u00f4t\u00e9s des dirigeants lorsqu\u2019ils doivent faire \u00e9voluer la valeur de leur offre et acc\u00e9l\u00e9rer leur d\u00e9veloppement, dans un march\u00e9 de plus en plus complexe et s\u00e9lectif. Le packaging, la technologie et la supply chain sont des leviers business \u00e0 part enti\u00e8re. Mon r\u00f4le est [&hellip;]<\/p>\n","protected":false},"featured_media":24801,"template":"","meta":{"_seopress_robots_primary_cat":"","_seopress_titles_title":"Annie Begnaud\/ ab agency","_seopress_titles_desc":"J\u2019interviens aux c\u00f4t\u00e9s des dirigeants lorsqu\u2019ils doivent faire \u00e9voluer la valeur de leur offre et acc\u00e9l\u00e9rer leur d\u00e9veloppement, dans un march\u00e9 de plus en plus complexe et s\u00e9lectif.\r\n\r\nLe packaging, la technologie et la supply chain sont des leviers business \u00e0 part enti\u00e8re.\r\nMon r\u00f4le est d\u2019en extraire la valeur, en alignant strat\u00e9gie, proposition de valeur et dynamique commerciale, et en activant les partenariats pertinents.\r\n\r\nJ\u2019aide les industriels et partenaires de la supply chain \u00e0 accro\u00eetre la pertinence de leur offre aupr\u00e8s des marques et \u00e0 transformer leurs innovations en business durable, gr\u00e2ce \u00e0 une lecture fine du march\u00e9 et des mises en relation utiles.","_seopress_robots_index":"","_company_name":"AB AGENCY","_job_title":"Founder \u2013 Business Development & Innovation Partner","_visit_me":"","_email":"","_linkedin":"https:\/\/fr.linkedin.com\/in\/anniebegnaud\/fr","_twitter":"","_facebook":"","_instagram":"","_youtube":"","_imdb":"","footnotes":""},"edition":[586,585,744,1084],"guest_type":[1079,445,728],"work":[],"class_list":["post-68561","guest","type-guest","status-publish","has-post-thumbnail","hentry","edition-paris-packaging-week-speakers-2022","edition-paris-packaging-week-speakers-2023","edition-paris-packaging-week-speakers-2024","edition-paris-packaging-week-2026","guest_type-circular-economy-stage-2026","guest_type-pcd-speakers-2022","guest_type-pp-ad-board"],"_cover_image":null,"_links":{"self":[{"href":"https:\/\/www.parispackagingweek.com\/fr\/wp-json\/wp\/v2\/guest\/68561","targetHints":{"allow":["GET"]}}],"collection":[{"href":"https:\/\/www.parispackagingweek.com\/fr\/wp-json\/wp\/v2\/guest"}],"about":[{"href":"https:\/\/www.parispackagingweek.com\/fr\/wp-json\/wp\/v2\/types\/guest"}],"version-history":[{"count":5,"href":"https:\/\/www.parispackagingweek.com\/fr\/wp-json\/wp\/v2\/guest\/68561\/revisions"}],"predecessor-version":[{"id":493349,"href":"https:\/\/www.parispackagingweek.com\/fr\/wp-json\/wp\/v2\/guest\/68561\/revisions\/493349"}],"wp:featuredmedia":[{"embeddable":true,"href":"https:\/\/www.parispackagingweek.com\/fr\/wp-json\/wp\/v2\/media\/24801"}],"wp:attachment":[{"href":"https:\/\/www.parispackagingweek.com\/fr\/wp-json\/wp\/v2\/media?parent=68561"}],"wp:term":[{"taxonomy":"edition","embeddable":true,"href":"https:\/\/www.parispackagingweek.com\/fr\/wp-json\/wp\/v2\/edition?post=68561"},{"taxonomy":"guest_type","embeddable":true,"href":"https:\/\/www.parispackagingweek.com\/fr\/wp-json\/wp\/v2\/guest_type?post=68561"},{"taxonomy":"work","embeddable":true,"href":"https:\/\/www.parispackagingweek.com\/fr\/wp-json\/wp\/v2\/work?post=68561"}],"curies":[{"name":"wp","href":"https:\/\/api.w.org\/{rel}","templated":true}]}}