{"id":68760,"date":"2022-04-20T18:09:50","date_gmt":"2022-04-20T16:09:50","guid":{"rendered":"https:\/\/www.parispackagingweek.com\/?post_type=guest&#038;p=68760"},"modified":"2025-12-08T11:32:10","modified_gmt":"2025-12-08T10:32:10","slug":"alain-dhaese","status":"publish","type":"guest","link":"https:\/\/www.parispackagingweek.com\/fr\/speaker\/alain-dhaese\/","title":{"rendered":"Alain D&rsquo;haese"},"content":{"rendered":"<p>Alain a occup\u00e9 divers postes dans diff\u00e9rents secteurs, de la recherche aux ventes en passant par les affaires scientifiques et r\u00e9glementaires. Il a travaill\u00e9 pour un remplisseur d&rsquo;a\u00e9rosols sous contrat avant de rejoindre l&rsquo;Association belge des a\u00e9rosols et enfin la F\u00e9d\u00e9ration Europ\u00e9enne des A\u00e9rosols (F.E.A.) o\u00f9 il a \u00e9t\u00e9 secr\u00e9taire g\u00e9n\u00e9ral pendant plus de 15 ans. Alain a une formation en chimie, cosm\u00e9tologie, management et gestion du changement. Il est \u00e9galement ancien pr\u00e9sident de la Soci\u00e9t\u00e9 royale belge des sciences cosm\u00e9tiques. Il donne un cours sur la technologie des a\u00e9rosols \u00e0 l&rsquo;Universit\u00e9 Libre de Bruxelles (ULB).<\/p>\n","protected":false},"excerpt":{"rendered":"<p>Alain a occup\u00e9 divers postes dans diff\u00e9rents secteurs, de la recherche aux ventes en passant par les affaires scientifiques et r\u00e9glementaires. Il a travaill\u00e9 pour un remplisseur d&rsquo;a\u00e9rosols sous contrat avant de rejoindre l&rsquo;Association belge des a\u00e9rosols et enfin la F\u00e9d\u00e9ration Europ\u00e9enne des A\u00e9rosols (F.E.A.) o\u00f9 il a \u00e9t\u00e9 secr\u00e9taire g\u00e9n\u00e9ral pendant plus de 15 [&hellip;]<\/p>\n","protected":false},"featured_media":134135,"template":"","meta":{"_seopress_robots_primary_cat":"","_seopress_titles_title":"ADF Paris | Alain D&#039;Haese, F\u00e9d\u00e9ration Europ\u00e9enne des A\u00e9rosols (FEA)","_seopress_titles_desc":"Alain a occup\u00e9 divers postes dans diff\u00e9rents secteurs, de la recherche aux ventes en passant par les affaires scientifiques et r\u00e9glementaires. Il a travaill\u00e9 pour un remplisseur d&#039;a\u00e9rosols sous contrat avant de rejoindre l&#039;Association belge des a\u00e9rosols et enfin la F\u00e9d\u00e9ration Europ\u00e9enne des A\u00e9rosols (F.E.A.) o\u00f9 il a \u00e9t\u00e9 secr\u00e9taire g\u00e9n\u00e9ral pendant plus de 15 ans. Alain a une formation en chimie, cosm\u00e9tologie, management et gestion du changement. Il est \u00e9galement ancien pr\u00e9sident de la Soci\u00e9t\u00e9 royale belge des sciences cosm\u00e9tiques. Il donne un cours sur la technologie des a\u00e9rosols \u00e0 l&#039;Universit\u00e9 Libre de Bruxelles (ULB).","_seopress_robots_index":"","_company_name":"European Aerosol Federation (FEA)","_job_title":"General Secretary,","_visit_me":"","_email":"","_linkedin":"https:\/\/be.linkedin.com\/in\/alain-d-haese","_twitter":"","_facebook":"","_instagram":"","_youtube":"","_imdb":"","footnotes":""},"edition":[924,1084],"guest_type":[725,758,769,600,1080,923,936,794],"work":[],"class_list":["post-68760","guest","type-guest","status-publish","has-post-thumbnail","hentry","edition-paris-packaging-week-2025","edition-paris-packaging-week-2026","guest_type-adf-ad-board","guest_type-adf-jury-en-2","guest_type-circular-economy-stage","guest_type-front-page","guest_type-global-aerosol-dispensing-forum-2026","guest_type-global-aerosol-dispensing-summit-2025","guest_type-homepage-2025","guest_type-the-aerosol-dispensing-summit"],"_cover_image":null,"_links":{"self":[{"href":"https:\/\/www.parispackagingweek.com\/fr\/wp-json\/wp\/v2\/guest\/68760","targetHints":{"allow":["GET"]}}],"collection":[{"href":"https:\/\/www.parispackagingweek.com\/fr\/wp-json\/wp\/v2\/guest"}],"about":[{"href":"https:\/\/www.parispackagingweek.com\/fr\/wp-json\/wp\/v2\/types\/guest"}],"version-history":[{"count":5,"href":"https:\/\/www.parispackagingweek.com\/fr\/wp-json\/wp\/v2\/guest\/68760\/revisions"}],"predecessor-version":[{"id":427021,"href":"https:\/\/www.parispackagingweek.com\/fr\/wp-json\/wp\/v2\/guest\/68760\/revisions\/427021"}],"wp:featuredmedia":[{"embeddable":true,"href":"https:\/\/www.parispackagingweek.com\/fr\/wp-json\/wp\/v2\/media\/134135"}],"wp:attachment":[{"href":"https:\/\/www.parispackagingweek.com\/fr\/wp-json\/wp\/v2\/media?parent=68760"}],"wp:term":[{"taxonomy":"edition","embeddable":true,"href":"https:\/\/www.parispackagingweek.com\/fr\/wp-json\/wp\/v2\/edition?post=68760"},{"taxonomy":"guest_type","embeddable":true,"href":"https:\/\/www.parispackagingweek.com\/fr\/wp-json\/wp\/v2\/guest_type?post=68760"},{"taxonomy":"work","embeddable":true,"href":"https:\/\/www.parispackagingweek.com\/fr\/wp-json\/wp\/v2\/work?post=68760"}],"curies":[{"name":"wp","href":"https:\/\/api.w.org\/{rel}","templated":true}]}}