{"id":26032,"date":"2022-01-26T17:24:14","date_gmt":"2022-01-26T16:24:14","guid":{"rendered":"https:\/\/www.parispackagingweek.com\/?page_id=26032"},"modified":"2023-08-25T13:03:22","modified_gmt":"2023-08-25T11:03:22","slug":"design","status":"publish","type":"page","link":"https:\/\/www.parispackagingweek.com\/fr\/actus\/design\/","title":{"rendered":"Design"},"content":{"rendered":"\t\t<div data-elementor-type=\"wp-page\" data-elementor-id=\"26032\" class=\"elementor elementor-26032\" data-elementor-post-type=\"page\">\n\t\t\t\t\t\t<section class=\"elementor-section elementor-top-section elementor-element elementor-element-a916535 elementor-section-full_width elementor-section-height-default elementor-section-height-default\" data-id=\"a916535\" data-element_type=\"section\" data-settings=\"{&quot;background_background&quot;:&quot;classic&quot;,&quot;background_motion_fx_motion_fx_scrolling&quot;:&quot;yes&quot;,&quot;background_motion_fx_devices&quot;:[&quot;desktop&quot;,&quot;tablet&quot;,&quot;mobile&quot;]}\">\n\t\t\t\t\t\t\t<div class=\"elementor-background-overlay\"><\/div>\n\t\t\t\t\t\t\t<div class=\"elementor-container elementor-column-gap-default\">\n\t\t\t\t\t<div class=\"elementor-column elementor-col-100 elementor-top-column elementor-element elementor-element-606cd0d\" data-id=\"606cd0d\" data-element_type=\"column\">\n\t\t\t<div class=\"elementor-widget-wrap elementor-element-populated\">\n\t\t\t\t\t\t<div class=\"elementor-element elementor-element-9f7d102 elementor-widget elementor-widget-heading\" data-id=\"9f7d102\" data-element_type=\"widget\" data-widget_type=\"heading.default\">\n\t\t\t\t<div class=\"elementor-widget-container\">\n\t\t\t\t\t<h1 class=\"elementor-heading-title elementor-size-default\">Sujets d'actualit\u00e9<\/h1>\t\t\t\t<\/div>\n\t\t\t\t<\/div>\n\t\t\t\t<div class=\"elementor-element elementor-element-2565bb3 elementor-align-center elementor-widget elementor-widget-dynamic-button\" data-id=\"2565bb3\" data-element_type=\"widget\" data-widget_type=\"dynamic-button.default\">\n\t\t\t\t<div class=\"elementor-widget-container\">\n\t\t\t\t\t        <div class=\"elementor-button-wrapper\">\n            <a href=\"https:\/\/www.parispackagingweek.com\/fr\/actus\/\" class=\"elementor-button-link elementor-button elementor-size-xl\" role=\"button\">\n                        <span class=\"elementor-button-content-wrapper\">\n\t\t\t                <span class=\"elementor-button-icon elementor-align-icon-right\">\n\t\t\t\t<i aria-hidden=\"true\" class=\"fas fa-chevron-right\"><\/i>\t\t\t<\/span>\n            \t\t\t<span class=\"elementor-button-text\">Retour \u00e0 toutes les actualit\u00e9s<\/span>\n\t\t<\/span>\n                    <\/a>\n        <\/div>\n        \t\t\t\t<\/div>\n\t\t\t\t<\/div>\n\t\t\t\t\t<\/div>\n\t\t<\/div>\n\t\t\t\t\t<\/div>\n\t\t<\/section>\n\t\t\t\t<section class=\"elementor-section elementor-top-section elementor-element elementor-element-894157e elementor-section-full_width elementor-section-height-default elementor-section-height-default\" data-id=\"894157e\" data-element_type=\"section\">\n\t\t\t\t\t\t\t<div class=\"elementor-background-overlay\"><\/div>\n\t\t\t\t\t\t\t<div class=\"elementor-container elementor-column-gap-custom\">\n\t\t\t\t\t<div class=\"elementor-column elementor-col-100 elementor-top-column elementor-element elementor-element-992fd2e\" data-id=\"992fd2e\" data-element_type=\"column\">\n\t\t\t<div class=\"elementor-widget-wrap elementor-element-populated\">\n\t\t\t\t\t\t<div class=\"elementor-element elementor-element-9ee792b elementor-widget elementor-widget-heading\" data-id=\"9ee792b\" data-element_type=\"widget\" data-widget_type=\"heading.default\">\n\t\t\t\t<div class=\"elementor-widget-container\">\n\t\t\t\t\t<h2 class=\"elementor-heading-title elementor-size-default\">Design<\/h2>\t\t\t\t<\/div>\n\t\t\t\t<\/div>\n\t\t\t\t<section class=\"elementor-section elementor-inner-section elementor-element elementor-element-8d04413 elementor-section-full_width elementor-section-height-default elementor-section-height-default\" data-id=\"8d04413\" data-element_type=\"section\">\n\t\t\t\t\t\t<div class=\"elementor-container elementor-column-gap-default\">\n\t\t\t\t\t<div class=\"elementor-column elementor-col-100 elementor-inner-column elementor-element elementor-element-fc8915d\" data-id=\"fc8915d\" data-element_type=\"column\">\n\t\t\t<div class=\"elementor-widget-wrap elementor-element-populated\">\n\t\t\t\t\t\t<div class=\"elementor-element elementor-element-6c4cca3 elementor-grid-4 elementor-posts--align-left elementor-grid-tablet-3 elementor-grid-mobile-1 elementor-posts--thumbnail-top elementor-widget elementor-widget-posts\" data-id=\"6c4cca3\" data-element_type=\"widget\" data-settings=\"{&quot;classic_columns&quot;:&quot;4&quot;,&quot;classic_columns_tablet&quot;:&quot;3&quot;,&quot;classic_row_gap&quot;:{&quot;unit&quot;:&quot;px&quot;,&quot;size&quot;:&quot;22&quot;,&quot;sizes&quot;:[]},&quot;pagination_type&quot;:&quot;load_more_infinite_scroll&quot;,&quot;load_more_spinner&quot;:{&quot;value&quot;:&quot;fas fa-sync&quot;,&quot;library&quot;:&quot;fa-solid&quot;},&quot;classic_columns_mobile&quot;:&quot;1&quot;,&quot;classic_row_gap_tablet&quot;:{&quot;unit&quot;:&quot;px&quot;,&quot;size&quot;:&quot;&quot;,&quot;sizes&quot;:[]},&quot;classic_row_gap_mobile&quot;:{&quot;unit&quot;:&quot;px&quot;,&quot;size&quot;:&quot;&quot;,&quot;sizes&quot;:[]}}\" data-widget_type=\"posts.classic\">\n\t\t\t\t<div class=\"elementor-widget-container\">\n\t\t\t\t\t\t\t<div class=\"elementor-posts-container elementor-posts elementor-posts--skin-classic elementor-grid\" role=\"list\">\n\t\t\t\t<article class=\"elementor-post elementor-grid-item post-499887 post type-post status-publish format-standard has-post-thumbnail hentry category-aerosols-dispensing-3 category-aerosols-dispensing-2 category-business-2 category-design-2 category-sustainability-2 category-trends-2\" role=\"listitem\">\n\t\t\t\t<a class=\"elementor-post__thumbnail__link\" href=\"https:\/\/www.parispackagingweek.com\/fr\/2026\/04\/16\/kiss-colors-care-devoile-une-nouvelle-gamme-aerosol-pour-cheveux-textures\/\" tabindex=\"-1\" >\n\t\t\t<div class=\"elementor-post__thumbnail\"><img fetchpriority=\"high\" decoding=\"async\" width=\"1200\" height=\"626\" src=\"https:\/\/easyfairsassets.com\/sites\/61\/2026\/04\/Kiss-colors.png\" class=\"attachment-full size-full wp-image-499891\" alt=\"Paris Packaging Week | KISS Colors &amp; Care unveils new aerosol range for textured hair\" srcset=\"https:\/\/easyfairsassets.com\/sites\/61\/2026\/04\/Kiss-colors.png 1200w, https:\/\/easyfairsassets.com\/sites\/61\/2026\/04\/Kiss-colors-300x157.png 300w, https:\/\/easyfairsassets.com\/sites\/61\/2026\/04\/Kiss-colors-768x401.png 768w\" sizes=\"(max-width: 1200px) 100vw, 1200px\" \/><\/div>\n\t\t<\/a>\n\t\t\t\t<div class=\"elementor-post__text\">\n\t\t\t\t<h3 class=\"elementor-post__title\">\n\t\t\t<a href=\"https:\/\/www.parispackagingweek.com\/fr\/2026\/04\/16\/kiss-colors-care-devoile-une-nouvelle-gamme-aerosol-pour-cheveux-textures\/\" >\n\t\t\t\tKISS Colors &amp; Care d\u00e9voile une nouvelle gamme a\u00e9rosol pour cheveux textur\u00e9s\t\t\t<\/a>\n\t\t<\/h3>\n\t\t\t\t<div class=\"elementor-post__meta-data\">\n\t\t\t\t\t<span class=\"elementor-post-date\">\n\t\t\t16 avril, 2026\t\t<\/span>\n\t\t\t\t<\/div>\n\t\t\t\t<div class=\"elementor-post__excerpt\">\n\t\t\t<p>La marque lance des sprays coiffants con\u00e7us pour les boucles, les coils et les ondulations, avec des formules pens\u00e9es pour<\/p>\n\t\t<\/div>\n\t\t\n\t\t<a class=\"elementor-post__read-more\" href=\"https:\/\/www.parispackagingweek.com\/fr\/2026\/04\/16\/kiss-colors-care-devoile-une-nouvelle-gamme-aerosol-pour-cheveux-textures\/\" aria-label=\"Read more about KISS Colors &amp; Care d\u00e9voile une nouvelle gamme a\u00e9rosol pour cheveux textur\u00e9s\" tabindex=\"-1\" >\n\t\t\tLire la suite \u00bb\t\t<\/a>\n\n\t\t\t\t<\/div>\n\t\t\t\t<\/article>\n\t\t\t\t<article class=\"elementor-post elementor-grid-item post-499796 post type-post status-publish format-standard has-post-thumbnail hentry category-design-2 category-drinks category-innovation-2\" role=\"listitem\">\n\t\t\t\t<a class=\"elementor-post__thumbnail__link\" href=\"https:\/\/www.parispackagingweek.com\/fr\/2026\/03\/31\/innovation-awards-spotlight-johnnie-walker-x-olivier-rousteing-couture-expression\/\" tabindex=\"-1\" >\n\t\t\t<div class=\"elementor-post__thumbnail\"><img decoding=\"async\" width=\"1200\" height=\"626\" src=\"https:\/\/easyfairsassets.com\/sites\/61\/2026\/03\/JW-x-Olivier-1-1.png\" class=\"attachment-full size-full wp-image-499815\" alt=\"\" srcset=\"https:\/\/easyfairsassets.com\/sites\/61\/2026\/03\/JW-x-Olivier-1-1.png 1200w, https:\/\/easyfairsassets.com\/sites\/61\/2026\/03\/JW-x-Olivier-1-1-300x157.png 300w, https:\/\/easyfairsassets.com\/sites\/61\/2026\/03\/JW-x-Olivier-1-1-768x401.png 768w\" sizes=\"(max-width: 1200px) 100vw, 1200px\" \/><\/div>\n\t\t<\/a>\n\t\t\t\t<div class=\"elementor-post__text\">\n\t\t\t\t<h3 class=\"elementor-post__title\">\n\t\t\t<a href=\"https:\/\/www.parispackagingweek.com\/fr\/2026\/03\/31\/innovation-awards-spotlight-johnnie-walker-x-olivier-rousteing-couture-expression\/\" >\n\t\t\t\tInnovation Awards spotlight | Johnnie Walker x Olivier Rousteing &#8211; Couture Expression\t\t\t<\/a>\n\t\t<\/h3>\n\t\t\t\t<div class=\"elementor-post__meta-data\">\n\t\t\t\t\t<span class=\"elementor-post-date\">\n\t\t\t31 mars, 2026\t\t<\/span>\n\t\t\t\t<\/div>\n\t\t\t\t<div class=\"elementor-post__excerpt\">\n\t\t\t<p>\u00c0 la crois\u00e9e de la mode et du whisky, Couture Expression s\u2019impose comme une collaboration cr\u00e9ative d\u2019exception. D\u00e9velopp\u00e9e avec Olivier<\/p>\n\t\t<\/div>\n\t\t\n\t\t<a class=\"elementor-post__read-more\" href=\"https:\/\/www.parispackagingweek.com\/fr\/2026\/03\/31\/innovation-awards-spotlight-johnnie-walker-x-olivier-rousteing-couture-expression\/\" aria-label=\"Read more about Innovation Awards spotlight | Johnnie Walker x Olivier Rousteing &#8211; Couture Expression\" tabindex=\"-1\" >\n\t\t\tLire la suite \u00bb\t\t<\/a>\n\n\t\t\t\t<\/div>\n\t\t\t\t<\/article>\n\t\t\t\t<article class=\"elementor-post elementor-grid-item post-499761 post type-post status-publish format-standard has-post-thumbnail hentry category-aerosols-dispensing-3 category-aerosols-dispensing-2 category-business-2 category-design-2 category-sustainability-2 category-trends-2\" role=\"listitem\">\n\t\t\t\t<a class=\"elementor-post__thumbnail__link\" href=\"https:\/\/www.parispackagingweek.com\/fr\/2026\/03\/31\/old-spice-lance-une-collection-inspiree-du-film-super-mario-galaxy\/\" tabindex=\"-1\" >\n\t\t\t<div class=\"elementor-post__thumbnail\"><img decoding=\"async\" width=\"1200\" height=\"626\" src=\"https:\/\/easyfairsassets.com\/sites\/61\/2026\/03\/vbn.png\" class=\"attachment-full size-full wp-image-499805\" alt=\"old_spice\" srcset=\"https:\/\/easyfairsassets.com\/sites\/61\/2026\/03\/vbn.png 1200w, https:\/\/easyfairsassets.com\/sites\/61\/2026\/03\/vbn-300x157.png 300w, https:\/\/easyfairsassets.com\/sites\/61\/2026\/03\/vbn-768x401.png 768w\" sizes=\"(max-width: 1200px) 100vw, 1200px\" \/><\/div>\n\t\t<\/a>\n\t\t\t\t<div class=\"elementor-post__text\">\n\t\t\t\t<h3 class=\"elementor-post__title\">\n\t\t\t<a href=\"https:\/\/www.parispackagingweek.com\/fr\/2026\/03\/31\/old-spice-lance-une-collection-inspiree-du-film-super-mario-galaxy\/\" >\n\t\t\t\tOld Spice lance une collection inspir\u00e9e du film Super Mario Galaxy\t\t\t<\/a>\n\t\t<\/h3>\n\t\t\t\t<div class=\"elementor-post__meta-data\">\n\t\t\t\t\t<span class=\"elementor-post-date\">\n\t\t\t31 mars, 2026\t\t<\/span>\n\t\t\t\t<\/div>\n\t\t\t\t<div class=\"elementor-post__excerpt\">\n\t\t\t<p>Cette gamme limit\u00e9e r\u00e9unit spray corporel, d\u00e9odorant, gel douche et autres essentiels de soin, tous impr\u00e9gn\u00e9s de cinq parfums cosmiques<\/p>\n\t\t<\/div>\n\t\t\n\t\t<a class=\"elementor-post__read-more\" href=\"https:\/\/www.parispackagingweek.com\/fr\/2026\/03\/31\/old-spice-lance-une-collection-inspiree-du-film-super-mario-galaxy\/\" aria-label=\"Read more about Old Spice lance une collection inspir\u00e9e du film Super Mario Galaxy\" tabindex=\"-1\" >\n\t\t\tLire la suite \u00bb\t\t<\/a>\n\n\t\t\t\t<\/div>\n\t\t\t\t<\/article>\n\t\t\t\t<article class=\"elementor-post elementor-grid-item post-499555 post type-post status-publish format-standard has-post-thumbnail hentry category-beauty category-design-2 category-innovation-2\" role=\"listitem\">\n\t\t\t\t<a class=\"elementor-post__thumbnail__link\" href=\"https:\/\/www.parispackagingweek.com\/fr\/2026\/03\/23\/albea-met-en-avant-ses-dernieres-innovations-packaging-des-applicateurs-aux-boitiers-cosmetiques-hermetiques\/\" tabindex=\"-1\" >\n\t\t\t<div class=\"elementor-post__thumbnail\"><img loading=\"lazy\" decoding=\"async\" width=\"1200\" height=\"626\" src=\"https:\/\/easyfairsassets.com\/sites\/61\/2026\/03\/Article-website-Albea-PPW26.png\" class=\"attachment-full size-full wp-image-499556\" alt=\"Albea PPW26\" srcset=\"https:\/\/easyfairsassets.com\/sites\/61\/2026\/03\/Article-website-Albea-PPW26.png 1200w, https:\/\/easyfairsassets.com\/sites\/61\/2026\/03\/Article-website-Albea-PPW26-300x157.png 300w, https:\/\/easyfairsassets.com\/sites\/61\/2026\/03\/Article-website-Albea-PPW26-768x401.png 768w\" sizes=\"(max-width: 1200px) 100vw, 1200px\" \/><\/div>\n\t\t<\/a>\n\t\t\t\t<div class=\"elementor-post__text\">\n\t\t\t\t<h3 class=\"elementor-post__title\">\n\t\t\t<a href=\"https:\/\/www.parispackagingweek.com\/fr\/2026\/03\/23\/albea-met-en-avant-ses-dernieres-innovations-packaging-des-applicateurs-aux-boitiers-cosmetiques-hermetiques\/\" >\n\t\t\t\tAlb\u00e9a met en avant ses derni\u00e8res innovations packaging, des applicateurs aux bo\u00eetiers cosm\u00e9tiques herm\u00e9tiques\t\t\t<\/a>\n\t\t<\/h3>\n\t\t\t\t<div class=\"elementor-post__meta-data\">\n\t\t\t\t\t<span class=\"elementor-post-date\">\n\t\t\t23 mars, 2026\t\t<\/span>\n\t\t\t\t<\/div>\n\t\t\t\t<div class=\"elementor-post__excerpt\">\n\t\t\t<p>Nouveaux applicateurs, bo\u00eetiers compacts et pot Twirl en format r\u00e9duit figurent parmi les innovations d\u00e9voil\u00e9es par le fournisseur de packaging<\/p>\n\t\t<\/div>\n\t\t\n\t\t<a class=\"elementor-post__read-more\" href=\"https:\/\/www.parispackagingweek.com\/fr\/2026\/03\/23\/albea-met-en-avant-ses-dernieres-innovations-packaging-des-applicateurs-aux-boitiers-cosmetiques-hermetiques\/\" aria-label=\"Read more about Alb\u00e9a met en avant ses derni\u00e8res innovations packaging, des applicateurs aux bo\u00eetiers cosm\u00e9tiques herm\u00e9tiques\" tabindex=\"-1\" >\n\t\t\tLire la suite \u00bb\t\t<\/a>\n\n\t\t\t\t<\/div>\n\t\t\t\t<\/article>\n\t\t\t\t<article class=\"elementor-post elementor-grid-item post-498835 post type-post status-publish format-standard has-post-thumbnail hentry category-beauty category-design-2 category-innovation-2 category-luxury-2\" role=\"listitem\">\n\t\t\t\t<a class=\"elementor-post__thumbnail__link\" href=\"https:\/\/www.parispackagingweek.com\/fr\/2026\/03\/12\/dior-fait-appel-a-madina-visconti-pour-le-packaging-bijou-de-ledition-limitee-du-parfum-jadore\/\" tabindex=\"-1\" >\n\t\t\t<div class=\"elementor-post__thumbnail\"><img loading=\"lazy\" decoding=\"async\" width=\"1200\" height=\"626\" src=\"https:\/\/easyfairsassets.com\/sites\/61\/2026\/03\/Article-website-Dior-x-Madina-Visconti.png\" class=\"attachment-full size-full wp-image-498844\" alt=\"Dior x Madina Visconti\" srcset=\"https:\/\/easyfairsassets.com\/sites\/61\/2026\/03\/Article-website-Dior-x-Madina-Visconti.png 1200w, https:\/\/easyfairsassets.com\/sites\/61\/2026\/03\/Article-website-Dior-x-Madina-Visconti-300x157.png 300w, https:\/\/easyfairsassets.com\/sites\/61\/2026\/03\/Article-website-Dior-x-Madina-Visconti-768x401.png 768w\" sizes=\"(max-width: 1200px) 100vw, 1200px\" \/><\/div>\n\t\t<\/a>\n\t\t\t\t<div class=\"elementor-post__text\">\n\t\t\t\t<h3 class=\"elementor-post__title\">\n\t\t\t<a href=\"https:\/\/www.parispackagingweek.com\/fr\/2026\/03\/12\/dior-fait-appel-a-madina-visconti-pour-le-packaging-bijou-de-ledition-limitee-du-parfum-jadore\/\" >\n\t\t\t\tDior fait appel \u00e0 Madina Visconti pour le packaging bijou de l\u2019\u00e9dition limit\u00e9e du parfum J\u2019adore\t\t\t<\/a>\n\t\t<\/h3>\n\t\t\t\t<div class=\"elementor-post__meta-data\">\n\t\t\t\t\t<span class=\"elementor-post-date\">\n\t\t\t12 mars, 2026\t\t<\/span>\n\t\t\t\t<\/div>\n\t\t\t\t<div class=\"elementor-post__excerpt\">\n\t\t\t<p>Pour une \u00e9dition exceptionnelle de J\u2019adore Intense de Dior, la cr\u00e9atrice italienne de haute joaillerie a imagin\u00e9 un capot floral<\/p>\n\t\t<\/div>\n\t\t\n\t\t<a class=\"elementor-post__read-more\" href=\"https:\/\/www.parispackagingweek.com\/fr\/2026\/03\/12\/dior-fait-appel-a-madina-visconti-pour-le-packaging-bijou-de-ledition-limitee-du-parfum-jadore\/\" aria-label=\"Read more about Dior fait appel \u00e0 Madina Visconti pour le packaging bijou de l\u2019\u00e9dition limit\u00e9e du parfum J\u2019adore\" tabindex=\"-1\" >\n\t\t\tLire la suite \u00bb\t\t<\/a>\n\n\t\t\t\t<\/div>\n\t\t\t\t<\/article>\n\t\t\t\t<article class=\"elementor-post elementor-grid-item post-498545 post type-post status-publish format-standard has-post-thumbnail hentry category-beauty category-design-2 category-innovation-2 category-luxury-2 category-sustainability-2\" role=\"listitem\">\n\t\t\t\t<a class=\"elementor-post__thumbnail__link\" href=\"https:\/\/www.parispackagingweek.com\/fr\/2026\/03\/12\/act-beauty-signe-les-nouveaux-coffrets-des-extraits-de-parfum-jeroboam\/\" tabindex=\"-1\" >\n\t\t\t<div class=\"elementor-post__thumbnail\"><img loading=\"lazy\" decoding=\"async\" width=\"1200\" height=\"626\" src=\"https:\/\/easyfairsassets.com\/sites\/61\/2026\/03\/Article-website-Jeroboam-Act-Beauty.png\" class=\"attachment-full size-full wp-image-498550\" alt=\"Jeroboam Act Beauty\" srcset=\"https:\/\/easyfairsassets.com\/sites\/61\/2026\/03\/Article-website-Jeroboam-Act-Beauty.png 1200w, https:\/\/easyfairsassets.com\/sites\/61\/2026\/03\/Article-website-Jeroboam-Act-Beauty-300x157.png 300w, https:\/\/easyfairsassets.com\/sites\/61\/2026\/03\/Article-website-Jeroboam-Act-Beauty-768x401.png 768w\" sizes=\"(max-width: 1200px) 100vw, 1200px\" \/><\/div>\n\t\t<\/a>\n\t\t\t\t<div class=\"elementor-post__text\">\n\t\t\t\t<h3 class=\"elementor-post__title\">\n\t\t\t<a href=\"https:\/\/www.parispackagingweek.com\/fr\/2026\/03\/12\/act-beauty-signe-les-nouveaux-coffrets-des-extraits-de-parfum-jeroboam\/\" >\n\t\t\t\tAct Beauty signe les nouveaux coffrets des extraits de parfum Jeroboam\t\t\t<\/a>\n\t\t<\/h3>\n\t\t\t\t<div class=\"elementor-post__meta-data\">\n\t\t\t\t\t<span class=\"elementor-post-date\">\n\t\t\t12 mars, 2026\t\t<\/span>\n\t\t\t\t<\/div>\n\t\t\t\t<div class=\"elementor-post__excerpt\">\n\t\t\t<p>Act Beauty a d\u00e9velopp\u00e9 de nouveaux coffrets destin\u00e9s aux extraits de parfum de la marque Jeroboam. Con\u00e7us pour valoriser ces<\/p>\n\t\t<\/div>\n\t\t\n\t\t<a class=\"elementor-post__read-more\" href=\"https:\/\/www.parispackagingweek.com\/fr\/2026\/03\/12\/act-beauty-signe-les-nouveaux-coffrets-des-extraits-de-parfum-jeroboam\/\" aria-label=\"Read more about Act Beauty signe les nouveaux coffrets des extraits de parfum Jeroboam\" tabindex=\"-1\" >\n\t\t\tLire la suite \u00bb\t\t<\/a>\n\n\t\t\t\t<\/div>\n\t\t\t\t<\/article>\n\t\t\t\t<article class=\"elementor-post elementor-grid-item post-497364 post type-post status-publish format-standard has-post-thumbnail hentry category-design-2 category-drinks category-innovation-2 category-luxury-2\" role=\"listitem\">\n\t\t\t\t<a class=\"elementor-post__thumbnail__link\" href=\"https:\/\/www.parispackagingweek.com\/fr\/2026\/03\/03\/innovation-awards-spotlight-sous-les-mers\/\" tabindex=\"-1\" >\n\t\t\t<div class=\"elementor-post__thumbnail\"><img loading=\"lazy\" decoding=\"async\" width=\"2560\" height=\"1440\" src=\"https:\/\/easyfairsassets.com\/sites\/61\/2026\/03\/Sous-les-Mers-1.webp\" class=\"attachment-full size-full wp-image-497367\" alt=\"Sous les Mers 1\" srcset=\"https:\/\/easyfairsassets.com\/sites\/61\/2026\/03\/Sous-les-Mers-1.webp 2560w, https:\/\/easyfairsassets.com\/sites\/61\/2026\/03\/Sous-les-Mers-1-300x169.webp 300w, https:\/\/easyfairsassets.com\/sites\/61\/2026\/03\/Sous-les-Mers-1-1820x1024.webp 1820w, https:\/\/easyfairsassets.com\/sites\/61\/2026\/03\/Sous-les-Mers-1-768x432.webp 768w, https:\/\/easyfairsassets.com\/sites\/61\/2026\/03\/Sous-les-Mers-1-1536x864.webp 1536w, https:\/\/easyfairsassets.com\/sites\/61\/2026\/03\/Sous-les-Mers-1-2048x1152.webp 2048w\" sizes=\"(max-width: 2560px) 100vw, 2560px\" \/><\/div>\n\t\t<\/a>\n\t\t\t\t<div class=\"elementor-post__text\">\n\t\t\t\t<h3 class=\"elementor-post__title\">\n\t\t\t<a href=\"https:\/\/www.parispackagingweek.com\/fr\/2026\/03\/03\/innovation-awards-spotlight-sous-les-mers\/\" >\n\t\t\t\tInnovation Awards spotlight | Sous les Mers\t\t\t<\/a>\n\t\t<\/h3>\n\t\t\t\t<div class=\"elementor-post__meta-data\">\n\t\t\t\t\t<span class=\"elementor-post-date\">\n\t\t\t3 mars, 2026\t\t<\/span>\n\t\t\t\t<\/div>\n\t\t\t\t<div class=\"elementor-post__excerpt\">\n\t\t\t<p>En d\u00e9cembre 2025, notre prestigieux jury &#8211; compos\u00e9 de grands noms tels que Bacardi, Mo\u00ebt Hennessy, Pernod Ricard, R\u00e9my Cointreau,<\/p>\n\t\t<\/div>\n\t\t\n\t\t<a class=\"elementor-post__read-more\" href=\"https:\/\/www.parispackagingweek.com\/fr\/2026\/03\/03\/innovation-awards-spotlight-sous-les-mers\/\" aria-label=\"Read more about Innovation Awards spotlight | Sous les Mers\" tabindex=\"-1\" >\n\t\t\tLire la suite \u00bb\t\t<\/a>\n\n\t\t\t\t<\/div>\n\t\t\t\t<\/article>\n\t\t\t\t<article class=\"elementor-post elementor-grid-item post-497162 post type-post status-publish format-standard has-post-thumbnail hentry category-design-2 category-drinks category-innovation-2 category-luxury-2 category-trends-2\" role=\"listitem\">\n\t\t\t\t<a class=\"elementor-post__thumbnail__link\" href=\"https:\/\/www.parispackagingweek.com\/fr\/2026\/02\/25\/le-savoir-faire-francais-a-lhonneur-avec-le-rhum-longueteau-a-130-000-euros\/\" tabindex=\"-1\" >\n\t\t\t<div class=\"elementor-post__thumbnail\"><img loading=\"lazy\" decoding=\"async\" width=\"1200\" height=\"626\" src=\"https:\/\/easyfairsassets.com\/sites\/61\/2026\/02\/French.png\" class=\"attachment-full size-full wp-image-497164\" alt=\"\" srcset=\"https:\/\/easyfairsassets.com\/sites\/61\/2026\/02\/French.png 1200w, https:\/\/easyfairsassets.com\/sites\/61\/2026\/02\/French-300x157.png 300w, https:\/\/easyfairsassets.com\/sites\/61\/2026\/02\/French-768x401.png 768w\" sizes=\"(max-width: 1200px) 100vw, 1200px\" \/><\/div>\n\t\t<\/a>\n\t\t\t\t<div class=\"elementor-post__text\">\n\t\t\t\t<h3 class=\"elementor-post__title\">\n\t\t\t<a href=\"https:\/\/www.parispackagingweek.com\/fr\/2026\/02\/25\/le-savoir-faire-francais-a-lhonneur-avec-le-rhum-longueteau-a-130-000-euros\/\" >\n\t\t\t\tLe savoir-faire fran\u00e7ais \u00e0 l&rsquo;honneur avec le rhum Longueteau \u00e0 130 000 euros\t\t\t<\/a>\n\t\t<\/h3>\n\t\t\t\t<div class=\"elementor-post__meta-data\">\n\t\t\t\t\t<span class=\"elementor-post-date\">\n\t\t\t25 f\u00e9vrier, 2026\t\t<\/span>\n\t\t\t\t<\/div>\n\t\t\t\t<div class=\"elementor-post__excerpt\">\n\t\t\t<p>La marque de rhum Longueteau a d\u00e9voil\u00e9 une cr\u00e9ation unique d&rsquo;une valeur de 130 000 euros pour c\u00e9l\u00e9brer ses 130<\/p>\n\t\t<\/div>\n\t\t\n\t\t<a class=\"elementor-post__read-more\" href=\"https:\/\/www.parispackagingweek.com\/fr\/2026\/02\/25\/le-savoir-faire-francais-a-lhonneur-avec-le-rhum-longueteau-a-130-000-euros\/\" aria-label=\"Read more about Le savoir-faire fran\u00e7ais \u00e0 l&rsquo;honneur avec le rhum Longueteau \u00e0 130 000 euros\" tabindex=\"-1\" >\n\t\t\tLire la suite \u00bb\t\t<\/a>\n\n\t\t\t\t<\/div>\n\t\t\t\t<\/article>\n\t\t\t\t<article class=\"elementor-post elementor-grid-item post-496858 post type-post status-publish format-standard has-post-thumbnail hentry category-beauty category-business-2 category-design-2 category-innovation-2 category-luxury-2 category-sustainability-2 category-trends-2\" role=\"listitem\">\n\t\t\t\t<a class=\"elementor-post__thumbnail__link\" href=\"https:\/\/www.parispackagingweek.com\/fr\/2026\/02\/24\/a-retenir-de-la-paris-packaging-week-tendances-et-sujets-cles\/\" tabindex=\"-1\" >\n\t\t\t<div class=\"elementor-post__thumbnail\"><img loading=\"lazy\" decoding=\"async\" width=\"1200\" height=\"626\" src=\"https:\/\/easyfairsassets.com\/sites\/61\/2026\/02\/Article-website-Berlin-packaging-XOCO-BW-Confidential.png\" class=\"attachment-full size-full wp-image-496888\" alt=\"Berlin packaging XOCO BW Confidential\" srcset=\"https:\/\/easyfairsassets.com\/sites\/61\/2026\/02\/Article-website-Berlin-packaging-XOCO-BW-Confidential.png 1200w, https:\/\/easyfairsassets.com\/sites\/61\/2026\/02\/Article-website-Berlin-packaging-XOCO-BW-Confidential-300x157.png 300w, https:\/\/easyfairsassets.com\/sites\/61\/2026\/02\/Article-website-Berlin-packaging-XOCO-BW-Confidential-768x401.png 768w\" sizes=\"(max-width: 1200px) 100vw, 1200px\" \/><\/div>\n\t\t<\/a>\n\t\t\t\t<div class=\"elementor-post__text\">\n\t\t\t\t<h3 class=\"elementor-post__title\">\n\t\t\t<a href=\"https:\/\/www.parispackagingweek.com\/fr\/2026\/02\/24\/a-retenir-de-la-paris-packaging-week-tendances-et-sujets-cles\/\" >\n\t\t\t\t\u00c0 retenir de la Paris Packaging Week : tendances et sujets cl\u00e9s\t\t\t<\/a>\n\t\t<\/h3>\n\t\t\t\t<div class=\"elementor-post__meta-data\">\n\t\t\t\t\t<span class=\"elementor-post-date\">\n\t\t\t24 f\u00e9vrier, 2026\t\t<\/span>\n\t\t\t\t<\/div>\n\t\t\t\t<div class=\"elementor-post__excerpt\">\n\t\t\t<p>La 25\u1d49 \u00e9dition de la Paris Packaging Week a battu tous les records, avec 914 exposants et 14 442 visiteurs,<\/p>\n\t\t<\/div>\n\t\t\n\t\t<a class=\"elementor-post__read-more\" href=\"https:\/\/www.parispackagingweek.com\/fr\/2026\/02\/24\/a-retenir-de-la-paris-packaging-week-tendances-et-sujets-cles\/\" aria-label=\"Read more about \u00c0 retenir de la Paris Packaging Week : tendances et sujets cl\u00e9s\" tabindex=\"-1\" >\n\t\t\tLire la suite \u00bb\t\t<\/a>\n\n\t\t\t\t<\/div>\n\t\t\t\t<\/article>\n\t\t\t\t<article class=\"elementor-post elementor-grid-item post-496869 post type-post status-publish format-standard has-post-thumbnail hentry category-beauty category-design-2 category-innovation-2 category-luxury-2\" role=\"listitem\">\n\t\t\t\t<a class=\"elementor-post__thumbnail__link\" href=\"https:\/\/www.parispackagingweek.com\/fr\/2026\/02\/24\/innovation-awards-spotlight-les-recoltes-majeures-2025\/\" tabindex=\"-1\" >\n\t\t\t<div class=\"elementor-post__thumbnail\"><img loading=\"lazy\" decoding=\"async\" width=\"2560\" height=\"1686\" src=\"https:\/\/easyfairsassets.com\/sites\/61\/2026\/02\/Les-recoltes-Majeures-2025.webp\" class=\"attachment-full size-full wp-image-496876\" alt=\"Les r\u00e9coltes Majeures 2025\" srcset=\"https:\/\/easyfairsassets.com\/sites\/61\/2026\/02\/Les-recoltes-Majeures-2025.webp 2560w, https:\/\/easyfairsassets.com\/sites\/61\/2026\/02\/Les-recoltes-Majeures-2025-300x198.webp 300w, https:\/\/easyfairsassets.com\/sites\/61\/2026\/02\/Les-recoltes-Majeures-2025-1555x1024.webp 1555w, https:\/\/easyfairsassets.com\/sites\/61\/2026\/02\/Les-recoltes-Majeures-2025-768x506.webp 768w, https:\/\/easyfairsassets.com\/sites\/61\/2026\/02\/Les-recoltes-Majeures-2025-1536x1012.webp 1536w, https:\/\/easyfairsassets.com\/sites\/61\/2026\/02\/Les-recoltes-Majeures-2025-2048x1349.webp 2048w\" sizes=\"(max-width: 2560px) 100vw, 2560px\" \/><\/div>\n\t\t<\/a>\n\t\t\t\t<div class=\"elementor-post__text\">\n\t\t\t\t<h3 class=\"elementor-post__title\">\n\t\t\t<a href=\"https:\/\/www.parispackagingweek.com\/fr\/2026\/02\/24\/innovation-awards-spotlight-les-recoltes-majeures-2025\/\" >\n\t\t\t\tInnovation Awards spotlight | Les r\u00e9coltes Majeures 2025\t\t\t<\/a>\n\t\t<\/h3>\n\t\t\t\t<div class=\"elementor-post__meta-data\">\n\t\t\t\t\t<span class=\"elementor-post-date\">\n\t\t\t24 f\u00e9vrier, 2026\t\t<\/span>\n\t\t\t\t<\/div>\n\t\t\t\t<div class=\"elementor-post__excerpt\">\n\t\t\t<p>En d\u00e9cembre 2025, notre prestigieux jury, compos\u00e9 de marques telles que Chanel, Dior, PUIG, Interparfums, et bien d\u2019autres, s\u2019est r\u00e9uni<\/p>\n\t\t<\/div>\n\t\t\n\t\t<a class=\"elementor-post__read-more\" href=\"https:\/\/www.parispackagingweek.com\/fr\/2026\/02\/24\/innovation-awards-spotlight-les-recoltes-majeures-2025\/\" aria-label=\"Read more about Innovation Awards spotlight | Les r\u00e9coltes Majeures 2025\" tabindex=\"-1\" >\n\t\t\tLire la suite \u00bb\t\t<\/a>\n\n\t\t\t\t<\/div>\n\t\t\t\t<\/article>\n\t\t\t\t<article class=\"elementor-post elementor-grid-item post-496792 post type-post status-publish format-standard has-post-thumbnail hentry category-beauty category-business-2 category-design-2 category-innovation-2 category-luxury-2 category-trends-2\" role=\"listitem\">\n\t\t\t\t<a class=\"elementor-post__thumbnail__link\" href=\"https:\/\/www.parispackagingweek.com\/fr\/2026\/02\/24\/pourquoi-les-packagings-ludiques-et-les-applications-douces-ont-marque-la-paris-packaging-week-2026\/\" tabindex=\"-1\" >\n\t\t\t<div class=\"elementor-post__thumbnail\"><img loading=\"lazy\" decoding=\"async\" width=\"1200\" height=\"626\" src=\"https:\/\/easyfairsassets.com\/sites\/61\/2026\/02\/Article-website-Re-sources-playful-packaging.png\" class=\"attachment-full size-full wp-image-496799\" alt=\"Re-sources playful packaging\" srcset=\"https:\/\/easyfairsassets.com\/sites\/61\/2026\/02\/Article-website-Re-sources-playful-packaging.png 1200w, https:\/\/easyfairsassets.com\/sites\/61\/2026\/02\/Article-website-Re-sources-playful-packaging-300x157.png 300w, https:\/\/easyfairsassets.com\/sites\/61\/2026\/02\/Article-website-Re-sources-playful-packaging-768x401.png 768w\" sizes=\"(max-width: 1200px) 100vw, 1200px\" \/><\/div>\n\t\t<\/a>\n\t\t\t\t<div class=\"elementor-post__text\">\n\t\t\t\t<h3 class=\"elementor-post__title\">\n\t\t\t<a href=\"https:\/\/www.parispackagingweek.com\/fr\/2026\/02\/24\/pourquoi-les-packagings-ludiques-et-les-applications-douces-ont-marque-la-paris-packaging-week-2026\/\" >\n\t\t\t\tPourquoi les packagings ludiques et les applications douces ont marqu\u00e9 la Paris Packaging Week 2026\t\t\t<\/a>\n\t\t<\/h3>\n\t\t\t\t<div class=\"elementor-post__meta-data\">\n\t\t\t\t\t<span class=\"elementor-post-date\">\n\t\t\t24 f\u00e9vrier, 2026\t\t<\/span>\n\t\t\t\t<\/div>\n\t\t\t\t<div class=\"elementor-post__excerpt\">\n\t\t\t<p>Paris Packaging Week a fait son grand retour dans le Hall 1 de Paris Expo Porte de Versailles les 5<\/p>\n\t\t<\/div>\n\t\t\n\t\t<a class=\"elementor-post__read-more\" href=\"https:\/\/www.parispackagingweek.com\/fr\/2026\/02\/24\/pourquoi-les-packagings-ludiques-et-les-applications-douces-ont-marque-la-paris-packaging-week-2026\/\" aria-label=\"Read more about Pourquoi les packagings ludiques et les applications douces ont marqu\u00e9 la Paris Packaging Week 2026\" tabindex=\"-1\" >\n\t\t\tLire la suite \u00bb\t\t<\/a>\n\n\t\t\t\t<\/div>\n\t\t\t\t<\/article>\n\t\t\t\t<article class=\"elementor-post elementor-grid-item post-496222 post type-post status-publish format-standard has-post-thumbnail hentry category-design-2 category-drinks category-innovation-2 category-luxury-2 category-sustainability-2\" role=\"listitem\">\n\t\t\t\t<a class=\"elementor-post__thumbnail__link\" href=\"https:\/\/www.parispackagingweek.com\/fr\/2026\/02\/20\/celebrer-lannee-du-cheval-comment-don-julio-fete-le-nouvel-an-lunaire-2026\/\" tabindex=\"-1\" >\n\t\t\t<div class=\"elementor-post__thumbnail\"><img loading=\"lazy\" decoding=\"async\" width=\"1200\" height=\"626\" src=\"https:\/\/easyfairsassets.com\/sites\/61\/2026\/02\/Don-Julio-.png\" class=\"attachment-full size-full wp-image-496224\" alt=\"\" srcset=\"https:\/\/easyfairsassets.com\/sites\/61\/2026\/02\/Don-Julio-.png 1200w, https:\/\/easyfairsassets.com\/sites\/61\/2026\/02\/Don-Julio--300x157.png 300w, https:\/\/easyfairsassets.com\/sites\/61\/2026\/02\/Don-Julio--768x401.png 768w\" sizes=\"(max-width: 1200px) 100vw, 1200px\" \/><\/div>\n\t\t<\/a>\n\t\t\t\t<div class=\"elementor-post__text\">\n\t\t\t\t<h3 class=\"elementor-post__title\">\n\t\t\t<a href=\"https:\/\/www.parispackagingweek.com\/fr\/2026\/02\/20\/celebrer-lannee-du-cheval-comment-don-julio-fete-le-nouvel-an-lunaire-2026\/\" >\n\t\t\t\tC\u00e9l\u00e9brer l&rsquo;ann\u00e9e du Cheval : comment Don Julio f\u00eate le Nouvel An lunaire 2026\t\t\t<\/a>\n\t\t<\/h3>\n\t\t\t\t<div class=\"elementor-post__meta-data\">\n\t\t\t\t\t<span class=\"elementor-post-date\">\n\t\t\t20 f\u00e9vrier, 2026\t\t<\/span>\n\t\t\t\t<\/div>\n\t\t\t\t<div class=\"elementor-post__excerpt\">\n\t\t\t<p>\u00c0 l\u2019occasion du Nouvel An Lunaire, la Tequila Don Julio c\u00e9l\u00e8bre l\u2019Ann\u00e9e du Cheval avec une \u00e9dition exclusive m\u00ealant h\u00e9ritage<\/p>\n\t\t<\/div>\n\t\t\n\t\t<a class=\"elementor-post__read-more\" href=\"https:\/\/www.parispackagingweek.com\/fr\/2026\/02\/20\/celebrer-lannee-du-cheval-comment-don-julio-fete-le-nouvel-an-lunaire-2026\/\" aria-label=\"Read more about C\u00e9l\u00e9brer l&rsquo;ann\u00e9e du Cheval : comment Don Julio f\u00eate le Nouvel An lunaire 2026\" tabindex=\"-1\" >\n\t\t\tLire la suite \u00bb\t\t<\/a>\n\n\t\t\t\t<\/div>\n\t\t\t\t<\/article>\n\t\t\t\t<\/div>\n\t\t\t\t\t<span class=\"e-load-more-spinner\">\n\t\t\t\t<i aria-hidden=\"true\" class=\"fas fa-sync\"><\/i>\t\t\t<\/span>\n\t\t\n\t\t\t\t<div class=\"e-load-more-anchor\" data-page=\"1\" data-max-page=\"33\" data-next-page=\"https:\/\/www.parispackagingweek.com\/fr\/wp-json\/wp\/v2\/pages\/26032\/page\/2\/\"><\/div>\n\t\t\t\t<div class=\"e-load-more-message\">Plus de postes \u00e0 afficher<\/div>\n\t\t\t\t\t\t<\/div>\n\t\t\t\t<\/div>\n\t\t\t\t\t<\/div>\n\t\t<\/div>\n\t\t\t\t\t<\/div>\n\t\t<\/section>\n\t\t\t\t\t<\/div>\n\t\t<\/div>\n\t\t\t\t\t<\/div>\n\t\t<\/section>\n\t\t\t\t<\/div>\n\t\t","protected":false},"excerpt":{"rendered":"<p>Sujets d&rsquo;actualit\u00e9 Retour \u00e0 toutes les actualit\u00e9s Design<\/p>\n","protected":false},"author":1,"featured_media":0,"parent":40633,"menu_order":0,"comment_status":"closed","ping_status":"closed","template":"","meta":{"_seopress_robots_primary_cat":"","_seopress_titles_title":"Paris Packaging Week | L\u2019actualit\u00e9 du design","_seopress_titles_desc":"D\u00e9couvrez des actualit\u00e9s et des rapports sur les principales tendances actuelles et les d\u00e9fis du design.","_seopress_robots_index":"","footnotes":""},"class_list":["post-26032","page","type-page","status-publish","hentry"],"_links":{"self":[{"href":"https:\/\/www.parispackagingweek.com\/fr\/wp-json\/wp\/v2\/pages\/26032","targetHints":{"allow":["GET"]}}],"collection":[{"href":"https:\/\/www.parispackagingweek.com\/fr\/wp-json\/wp\/v2\/pages"}],"about":[{"href":"https:\/\/www.parispackagingweek.com\/fr\/wp-json\/wp\/v2\/types\/page"}],"author":[{"embeddable":true,"href":"https:\/\/www.parispackagingweek.com\/fr\/wp-json\/wp\/v2\/users\/1"}],"replies":[{"embeddable":true,"href":"https:\/\/www.parispackagingweek.com\/fr\/wp-json\/wp\/v2\/comments?post=26032"}],"version-history":[{"count":5,"href":"https:\/\/www.parispackagingweek.com\/fr\/wp-json\/wp\/v2\/pages\/26032\/revisions"}],"predecessor-version":[{"id":287617,"href":"https:\/\/www.parispackagingweek.com\/fr\/wp-json\/wp\/v2\/pages\/26032\/revisions\/287617"}],"up":[{"embeddable":true,"href":"https:\/\/www.parispackagingweek.com\/fr\/wp-json\/wp\/v2\/pages\/40633"}],"wp:attachment":[{"href":"https:\/\/www.parispackagingweek.com\/fr\/wp-json\/wp\/v2\/media?parent=26032"}],"curies":[{"name":"wp","href":"https:\/\/api.w.org\/{rel}","templated":true}]}}